{"id":8,"date":"2014-12-16T13:58:06","date_gmt":"2014-12-16T13:58:06","guid":{"rendered":"https:\/\/www.meditecsa.com\/?page_id=8"},"modified":"2024-04-09T14:09:37","modified_gmt":"2024-04-09T14:09:37","slug":"empresa","status":"publish","type":"page","link":"https:\/\/www.meditecsa.com\/","title":{"rendered":"\u00bfQuienes somos?"},"content":{"rendered":"\n\n\n\n\n<p><\/p>\n\n\n\n<div class=\"is-layout-constrained wp-block-group\"><div class=\"wp-block-group__inner-container\">\n<div class=\"is-content-justification-center is-nowrap is-layout-flex wp-container-1 wp-block-buttons\">\n<div class=\"wp-block-button has-custom-width wp-block-button__width-50 has-custom-font-size is-style-outline\" id=\"historia\" style=\"font-size:15px\"><a class=\"wp-block-button__link has-black-color has-white-background-color has-text-color has-background wp-element-button\" href=\"#historia\"><strong>HISTORIA<\/strong><\/a><\/div>\n\n\n\n<div class=\"wp-block-button has-custom-font-size is-style-fill has-medium-font-size\"><a class=\"wp-block-button__link has-white-background-color has-text-color has-background wp-element-button\" style=\"color:#00893b\"><strong>\u2022<\/strong><\/a><\/div>\n\n\n\n<div class=\"wp-block-button has-custom-width wp-block-button__width-50 has-custom-font-size is-style-outline\" style=\"font-size:15px\"><a class=\"wp-block-button__link has-black-color has-white-background-color has-text-color has-background wp-element-button\" href=\"#mision\"><strong>MISI\u00d3N<\/strong><\/a><\/div>\n\n\n\n<div class=\"wp-block-button has-custom-font-size is-style-fill has-medium-font-size\"><a class=\"wp-block-button__link has-white-background-color has-text-color has-background wp-element-button\" style=\"color:#00893b\"><strong>\u2022<\/strong><\/a><\/div>\n\n\n\n<div class=\"wp-block-button has-custom-width wp-block-button__width-50 has-custom-font-size is-style-outline\" style=\"font-size:15px\"><a class=\"wp-block-button__link has-black-color has-white-background-color has-text-color has-background wp-element-button\" href=\"#vision\"><strong>VISI\u00d3N<\/strong><\/a><\/div>\n\n\n\n<div class=\"wp-block-button has-custom-font-size is-style-fill has-medium-font-size\"><a class=\"wp-block-button__link has-white-background-color has-text-color has-background wp-element-button\" style=\"color:#00893b\"><strong>\u2022<\/strong><\/a><\/div>\n\n\n\n<div class=\"wp-block-button has-custom-width wp-block-button__width-50 has-custom-font-size is-style-outline\" style=\"font-size:15px\"><a class=\"wp-block-button__link has-black-color has-white-background-color has-text-color has-background wp-element-button\" href=\"#fortalezas\"><strong>FORTALEZAS<\/strong> <strong>Y VALORES<\/strong><\/a><\/div>\n\n\n\n<div class=\"wp-block-button has-custom-font-size is-style-fill has-medium-font-size\"><a class=\"wp-block-button__link has-white-background-color has-text-color has-background wp-element-button\" style=\"color:#00893b\"><strong>\u2022<\/strong><\/a><\/div>\n\n\n\n<div class=\"wp-block-button has-custom-width wp-block-button__width-50 has-custom-font-size is-style-outline\" style=\"font-size:15px\"><a class=\"wp-block-button__link has-black-color has-text-color wp-element-button\" href=\"#trabajeconnosotros\"><strong>TRABAJE CON NOSOTROS<\/strong><\/a><\/div>\n<\/div>\n<\/div><\/div>\n\n\n\n<h2 class=\"has-text-align-center has-text-color\" style=\"color:#00441d;font-size:35px\">HISTORIA<\/h2>\n\n\n\n<p class=\"has-text-align-center has-black-color has-text-color\" style=\"font-size:18px\"><strong>MEDITEC S.A.<\/strong>, es una organizaci\u00f3n creada en noviembre de 1973 en Bogot\u00e1 D.C., dedicada a la importaci\u00f3n, fabricaci\u00f3n y comercializaci\u00f3n a nivel nacional e internacional de dispositivos\u00a0m\u00e9dicos, tales como sondas,\u00a0c\u00e1nulas, m\u00e1scaras, tubos, cat\u00e9teres, bolsas de colostom\u00eda y de orina, drenajes, prendas quir\u00fargicas desechables, equipo de extensi\u00f3n de anestesia y equipos pericraneales. Cumplimos con las normas de aseguramiento de la calidad.<\/p>\n\n\n\n<p class=\"has-text-align-center has-black-color has-text-color\" style=\"font-size:18px\"><strong>MEDITEC S.A.<\/strong>,&nbsp;ha tenido una importante participaci\u00f3n en el mercado exportador de Colombia a diferentes pa\u00edses, entre ellos Costa Rica, El Salvador, Guatemala, Nicaragua y M\u00e9xico en Centro Am\u00e9rica y Argentina, Bolivia, Chile, Ecuador y Per\u00fa en Sur Am\u00e9rica, esforz\u00e1ndose siempre por mantener una s\u00f3lida relaci\u00f3n y comunicaci\u00f3n con sus clientes. &nbsp;<\/p>\n\n\n\n<p class=\"has-text-align-center has-black-color has-text-color\" style=\"font-size:18px\">Desde 1976&nbsp;<strong>MEDITEC S.A.<\/strong>, importa y es distribuidor autorizado para Colombia de importantes compa\u00f1\u00edas con gran reconocimiento y trayectoria mundial como:&nbsp;<strong>RICHARD WOLF<\/strong>(Alemania): de equipos e instrumental de Endoscopia r\u00edgida para las siguientes especialidades: urolog\u00eda, laparoscopia, ginecolog\u00eda, t\u00f3rax, otorrinolaringolog\u00eda, artroscopia, neurocirug\u00eda, columna, sistema de quir\u00f3fano integrado (CORE Complete Operating Room Endoscopy).&nbsp;<strong>CONMED CORPORATION&nbsp;<\/strong>(U.S.A.): Instrumental descartable para laparoscopia.&nbsp;<strong>E.M.S.&nbsp;<\/strong>(Suiza): Equipos con tecnolog\u00eda de ondas de choque neum\u00e1ticas y ultras\u00f3nicas para urolog\u00eda y manejo del dolor.&nbsp;<strong>KLS MARTIN GROUP&nbsp;<\/strong>(Alemania): Equipo para cirug\u00eda (electro bistur\u00eds, ligaci\u00f3n, arg\u00f3n)&nbsp;<strong>OTOPRONT&nbsp;<\/strong>(Alemania): Gabinetes compactos y modulares para otorrinolaringolog\u00eda, entre otros.<\/p>\n\n\n\n<p class=\"has-text-align-center has-black-color has-text-color\" id=\"mision\" style=\"font-size:18px\">La fortaleza de&nbsp;<strong>MEDITEC S.A.<\/strong>, estriba&nbsp; en su personal y mano de obra calificados, los cuales, combinados&nbsp; con un sistema automatizado&nbsp; de producci\u00f3n (empacadoras, perforadoras y otras m\u00e1quinas) han hecho que sus productos sean ampliamente aceptados y solicitados por nuestros clientes.<\/p>\n\n\n\n<p class=\"has-text-align-center has-black-color has-text-color\" style=\"font-size:18px\">Las instalaciones para Producci\u00f3n, Control de Calidad, Almacenamiento y Distribuci\u00f3n de&nbsp;<strong>MEDITEC S.A.<\/strong>, est\u00e1n certificadas desde el a\u00f1o 2001 por el Instituto Nacional para la Vigilancia de Medicamentos y Alimentos INVIMA para la fabricaci\u00f3n de dispositivos m\u00e9dicos. Igualmente cuenta con Certificado de Capacidad de Almacenamiento.<\/p>\n\n\n\n<div class=\"is-vertical is-layout-flex wp-container-4 wp-block-group\">\n<div class=\"is-layout-constrained wp-block-group\"><div class=\"wp-block-group__inner-container\">\n<h2 class=\"has-text-align-center has-text-color\" id=\"vision\" style=\"color:#00441d;font-size:35px\">MISI\u00d3N<\/h2>\n\n\n\n<p class=\"has-text-align-center has-black-color has-text-color\" style=\"font-size:18px\">Permanecer en el mercado y suministrar nuestros productos para satisfacer las necesidades del cliente, contribuyendo con su bienestar y manteniendo el equilibrio financiero e integral con todos nuestros colaboradores.<\/p>\n<\/div><\/div>\n<\/div>\n\n\n\n<div class=\"is-layout-constrained wp-block-group\"><div class=\"wp-block-group__inner-container\">\n<div class=\"is-layout-constrained wp-block-group\"><div class=\"wp-block-group__inner-container\">\n<h2 class=\"has-text-align-center has-text-color\" id=\"fortalezas\" style=\"color:#00441d;font-size:35px;text-transform:uppercase\">Visi\u00f3n<\/h2>\n\n\n\n<p class=\"has-text-align-center has-black-color has-text-color\" style=\"font-size:18px\">Ser la empresa l\u00edder en su sector, buscando la ampliaci\u00f3n de nuevos mercados, aumentando la tecnolog\u00eda y recursos dirigidos hacia el desarrollo de nuevos productos, en el transcurso de la d\u00e9cada.<\/p>\n<\/div><\/div>\n<\/div><\/div>\n\n\n\n<div class=\"is-layout-constrained wp-block-group\"><div class=\"wp-block-group__inner-container\">\n<div class=\"is-layout-constrained wp-block-group\"><div class=\"wp-block-group__inner-container\">\n<h2 class=\"has-text-align-center scroll has-text-color\" style=\"color:#00441d;font-size:35px;text-transform:uppercase\">Fortalezas<\/h2>\n\n\n\n<p class=\"has-text-align-center has-black-color has-text-color\" id=\"trabaje\" style=\"font-size:18px\"><strong>Servicio al cliente<\/strong>: Enfocar la atenci\u00f3n al cliente por medio de un servicio pre-post venta.<\/p>\n\n\n\n<p class=\"has-text-align-center has-black-color has-text-color\" id=\"trabaje\" style=\"font-size:18px\"><strong>Ventas:<\/strong> Contar con un equipo competente para brindar soluciones a las necesidades y requerimientos del cliente.<\/p>\n\n\n\n<p class=\"has-text-align-center has-black-color has-text-color\" id=\"trabaje\" style=\"font-size:18px\"><strong>Log\u00edstica<\/strong>: Asegurar una respuesta oportuna a los acuerdos de servicio.<\/p>\n\n\n\n<p class=\"has-text-align-center has-black-color has-text-color\" id=\"trabaje\" style=\"font-size:18px\"><strong>PQRS:<\/strong> Responder al cliente con un proceso de mejora continua desde direcci\u00f3n t\u00e9cnica, soportado internamente con procesos de calidad.<\/p>\n\n\n\n<p class=\"has-text-align-center\"><\/p>\n\n\n\n<h3 class=\"has-text-align-center has-text-color\" style=\"color:#00441d;font-size:35px;text-transform:uppercase\">VALORES<\/h3>\n\n\n\n<p class=\"has-text-align-center has-black-color has-text-color\" style=\"font-size:18px\">Para <strong>MEDITEC S.A.<\/strong> los valores organizacionales gu\u00edan las acciones y los comportamientos de todos sus integrantes, as\u00ed mismo, se cumplen con la convicci\u00f3n de que los resultados son el fruto de un esfuerzo conjunto, coherente e integro para e crecimiento de todos.<\/p>\n\n\n\n<p class=\"has-text-align-center has-black-color has-text-color\" style=\"font-size:18px\"><strong><mark style=\"background-color:rgba(0, 0, 0, 0)\" class=\"has-inline-color has-black-color\">COMPROMISO:<\/mark><\/strong> Todos en <strong>MEDITEC S.A.<\/strong> dan lo mejor de si mismos, colocando al m\u00e1ximo nuestras capacidades para lograr los objetivos en le tiempo acordado, sabiendo as\u00ed, que cada tarea individual contribuir\u00e1 al desarrollo y crecimiento en conjunto de los equipos de trabajo. Nos destacamos por realizar las actividades de acuerdo a las normas y pol\u00edticas establecidas, bajo est\u00e1ndares de calidad, garantizando la eficiencia de cada proceso.<\/p>\n\n\n\n<p class=\"has-text-align-center has-black-color has-text-color\" style=\"font-size:18px\"><strong><mark style=\"background-color:rgba(0, 0, 0, 0)\" class=\"has-inline-color has-black-color\"> <\/mark>\u2022 <\/strong><\/p>\n\n\n\n<p class=\"has-text-align-center has-black-color has-text-color\" style=\"font-size:18px\"><strong><mark style=\"background-color:rgba(0, 0, 0, 0)\" class=\"has-inline-color has-black-color\">LEALTAD: <\/mark><\/strong>En <strong>MEDITEC S.A.<\/strong>, nos destacamos por ser personas fieles a nuestra empresa, velando por el buen nombre de la compa\u00f1\u00eda dentro y fuera de ella, guardando confidencialidad respecto a la informaci\u00f3n y a las acciones que que se desarrollan. Lo anterior, nos permite trabajar en un ambiente de confianza y gratitud permanentemente.<\/p>\n\n\n\n<p class=\"has-text-align-center has-black-color has-text-color\" style=\"font-size:18px\"><strong> \u2022 <\/strong><\/p>\n\n\n\n<p class=\"has-text-align-center has-black-color has-text-color\" style=\"font-size:18px\"><strong><mark style=\"background-color:rgba(0, 0, 0, 0)\" class=\"has-inline-color has-black-color\">HONESTIDAD: <\/mark><\/strong><mark style=\"background-color:rgba(0, 0, 0, 0)\" class=\"has-inline-color has-black-color\">En<\/mark><strong><mark style=\"background-color:rgba(0, 0, 0, 0)\" class=\"has-inline-color has-black-color\"> MEDITEC S.A.<\/mark><\/strong>, actuamos desde la verdad, rectitud, transparencia y justicia, garantizando que todas las relaciones de trabajo tanto en el \u00e1mbito interno como externo, sean coherentes, integras y ayuden a cumplir con los objetivos propuestos.<\/p>\n\n\n\n<p class=\"has-text-align-center has-black-color has-text-color\" style=\"font-size:18px\"><strong>\u2022 <\/strong><\/p>\n\n\n\n<p class=\"has-text-align-center has-black-color has-text-color\" style=\"font-size:18px\"><strong><mark style=\"background-color:rgba(0, 0, 0, 0)\" class=\"has-inline-color has-black-color\">RESPONSABILIDAD: <\/mark><\/strong><mark style=\"background-color:rgba(0, 0, 0, 0)\" class=\"has-inline-color has-black-color\">En <strong>MEDITEC S.A.<\/strong><\/mark> todos ganamos al tener igualdad de oportunidades y desarrollo, es por eso que asumimos los compromisos y las decisiones con entereza, integridad y efectividad, apropi\u00e1ndonos de nuestras responsabilidades a nivel laboral y social, reconociendo la importancia de las diferentes actividades, como un proceso de sinergia para nuestra empresa.<\/p>\n\n\n\n<p class=\"has-text-align-center has-black-color has-text-color\" style=\"font-size:18px\"><strong> \u2022 <\/strong><\/p>\n\n\n\n<p class=\"has-text-align-center has-black-color has-text-color\" style=\"font-size:18px\"><strong><mark style=\"background-color:rgba(0, 0, 0, 0)\" class=\"has-inline-color has-black-color\">RESPETO:<\/mark> <\/strong>Todas las personas en <strong>MEDITEC S.A.<\/strong> damos un trato digno a los dem\u00e1s, reconociendo las virtudes y potencializando sus oportunidades de mejora. As\u00ed mismo, mantenemos un ambiente de cordialidad, comprendiendo y tolerando, tanto las diferencias que nos complementan entre compa\u00f1eros de trabajo, como los derechos y deberes en el desarrollo de cada labor.<\/p>\n\n\n\n<p class=\"has-text-align-center has-black-color has-text-color\" style=\"font-size:18px\"><strong> \u2022 <\/strong><\/p>\n\n\n\n<p class=\"has-text-align-center has-black-color has-text-color\" style=\"font-size:18px\"><strong><mark style=\"background-color:rgba(0, 0, 0, 0)\" class=\"has-inline-color has-black-color\">LIDERAZGO: <\/mark><\/strong>En <strong>MEDITEC S.A.<\/strong>, el liderazgo hace parte de nuestra cultura organizacional y est\u00e1 presente en todos los niveles. A trav\u00e9s de este valor se promueve la capacidad para tomar la iniciativa, convocar, empoderar, delegar, gestionar, incentivar y motivar a sus integrantes para establecer y cumplir los objetivos comunes alineados a la estrategia de la compa\u00f1\u00eda. Nuestro estilo de liderazgo nos permite emprender nuevas acciones, analizar los riesgos, comunicarnos efectivamente y adaptarnos al cambio para lograr un crecimiento constante.<\/p>\n\n\n\n<p class=\"has-text-align-center has-black-color has-text-color\" style=\"font-size:18px\"><strong> \u2022 <\/strong><\/p>\n\n\n\n<p class=\"has-text-align-center has-black-color has-text-color\" style=\"font-size:18px\"><strong><mark style=\"background-color:rgba(0, 0, 0, 0)\" class=\"has-inline-color has-black-color\">ALTRUISMO:<\/mark><\/strong> En <strong>MEDITEC S.A.<\/strong>, actuamos desinteresadamente en beneficio de los otros, brindando ayuda oportuna en busca de un bienestar com\u00fan en pro de la satisfacci\u00f3n de un crecimiento colaborativo en nuestra Familia Meditec.<\/p>\n\n\n\n<div class=\"is-layout-constrained wp-block-group\"><div class=\"wp-block-group__inner-container\">\n<h2 class=\"has-text-align-center has-text-color\" style=\"color:#00441d\">TRABAJE CON NOSOTROS<\/h2>\n<\/div><\/div>\n\n\n\n<p class=\"has-text-align-center has-black-color has-text-color\" style=\"font-size:18px\">Apreciado aspirante:&nbsp;<\/p>\n\n\n\n<p class=\"has-text-align-center has-black-color has-text-color\" style=\"font-size:18px\"><strong>MEDITEC S.A.<\/strong>,&nbsp;se ha consolidado en el sector Salud por m\u00e1s de 50 a\u00f1os mediante pol\u00edticas que&nbsp;velan por mantener y fortalecer las habilidades, bienestar integral y estabilidad laboral de nuestros&nbsp;colaboradores, con formaci\u00f3n permanente en \u00e1reas de desarrollo personal y profesional.<\/p>\n\n\n\n<p class=\"has-text-align-center has-black-color has-text-color\" style=\"font-size:18px\">Lo invitamos a ser parte de nuestro proceso de selecci\u00f3n enviando su hoja de vida al correo servicioalcliente@meditecsa.com su hoja ser\u00e1 analizada para las vacantes actuales y en caso de no cumplir los requerimientos se guardar\u00e1 en nuestra base de datos para futuras requisiciones.<\/p>\n\n\n\n<p class=\"has-text-align-center has-black-color has-text-color\" style=\"font-size:18px\">Agradecemos su tiempo y disposici\u00f3n en este proceso, el cual nos permite conocer su potencial&nbsp;como profesional y ser humano, lo estaremos contactando.<\/p>\n\n\n\n<p><\/p>\n<\/div><\/div>\n<\/div><\/div>\n","protected":false},"excerpt":{"rendered":"<p>HISTORIA MEDITEC S.A., es una organizaci\u00f3n creada en noviembre de 1973 en Bogot\u00e1 D.C., dedicada a la importaci\u00f3n, fabricaci\u00f3n y comercializaci\u00f3n a nivel nacional e internacional de dispositivos\u00a0m\u00e9dicos, tales como sondas,\u00a0c\u00e1nulas, m\u00e1scaras, tubos, cat\u00e9teres, bolsas de colostom\u00eda y de orina, drenajes, prendas quir\u00fargicas desechables, equipo de extensi\u00f3n de anestesia y equipos pericraneales. Cumplimos con las normas de aseguramiento de la calidad. MEDITEC S.A.,&nbsp;ha tenido una importante participaci\u00f3n en el mercado exportador de Colombia a diferentes pa\u00edses, entre ellos Costa Rica, El Salvador, Guatemala, Nicaragua y M\u00e9xico en Centro Am\u00e9rica y Argentina, Bolivia, Chile, Ecuador y Per\u00fa en Sur Am\u00e9rica, esforz\u00e1ndose siempre por mantener una s\u00f3lida relaci\u00f3n y comunicaci\u00f3n con sus clientes. &nbsp; Desde 1976&nbsp;MEDITEC S.A., importa y es distribuidor autorizado para Colombia de importantes compa\u00f1\u00edas con gran reconocimiento y trayectoria mundial como:&nbsp;RICHARD WOLF(Alemania): de equipos e instrumental de Endoscopia r\u00edgida para las siguientes especialidades: urolog\u00eda, laparoscopia, ginecolog\u00eda, t\u00f3rax, otorrinolaringolog\u00eda, artroscopia,&hellip;<\/p>\n<p> <a class=\"more-link\" href=\"https:\/\/www.meditecsa.com\/\">Read more<\/a><\/p>\n","protected":false},"author":1,"featured_media":0,"parent":0,"menu_order":0,"comment_status":"closed","ping_status":"closed","template":"","meta":[],"_links":{"self":[{"href":"https:\/\/www.meditecsa.com\/index.php?rest_route=\/wp\/v2\/pages\/8"}],"collection":[{"href":"https:\/\/www.meditecsa.com\/index.php?rest_route=\/wp\/v2\/pages"}],"about":[{"href":"https:\/\/www.meditecsa.com\/index.php?rest_route=\/wp\/v2\/types\/page"}],"author":[{"embeddable":true,"href":"https:\/\/www.meditecsa.com\/index.php?rest_route=\/wp\/v2\/users\/1"}],"replies":[{"embeddable":true,"href":"https:\/\/www.meditecsa.com\/index.php?rest_route=%2Fwp%2Fv2%2Fcomments&post=8"}],"version-history":[{"count":95,"href":"https:\/\/www.meditecsa.com\/index.php?rest_route=\/wp\/v2\/pages\/8\/revisions"}],"predecessor-version":[{"id":3185,"href":"https:\/\/www.meditecsa.com\/index.php?rest_route=\/wp\/v2\/pages\/8\/revisions\/3185"}],"wp:attachment":[{"href":"https:\/\/www.meditecsa.com\/index.php?rest_route=%2Fwp%2Fv2%2Fmedia&parent=8"}],"curies":[{"name":"wp","href":"https:\/\/api.w.org\/{rel}","templated":true}]}}